{"id":6527,"date":"2017-04-20T14:34:55","date_gmt":"2017-04-20T14:34:55","guid":{"rendered":"http:\/\/youngwrexham.co.uk\/cy\/?page_id=6527"},"modified":"2026-03-09T15:20:14","modified_gmt":"2026-03-09T15:20:14","slug":"senedd-yr-ifanc","status":"publish","type":"page","link":"https:\/\/youngwrexham.co.uk\/cy\/info\/dy-lais-dy-wrecsam\/senedd-yr-ifanc\/","title":{"rendered":"Senedd yr Ifanc, Wrecsam"},"content":{"rendered":"\n<blockquote class=\"wp-block-quote is-layout-flow wp-block-quote-is-layout-flow\">\n<p class=\"has-text-align-center\">Mae Senedd yr Ifanc yn ymgynghori \u00e2 phobl ifanc eraill 11-25 oed yna\u2019n yn hyrwyddo newid cadarnhaol yn Wrecsam.<\/p>\n<\/blockquote>\n\n\n\n<h2 class=\"wp-block-heading\"><kbd><strong>BETH YW SENEDD YR IFANC?<\/strong><\/kbd><\/h2>\n\n\n\n<div class=\"wp-block-columns is-layout-flex wp-container-core-columns-is-layout-9d6595d7 wp-block-columns-is-layout-flex\">\n<div class=\"wp-block-column is-layout-flow wp-block-column-is-layout-flow\">\n<p class=\"has-text-align-center has-background\" style=\"background:linear-gradient(135deg,rgb(250,226,205) 0%,rgb(250,226,205) 100%)\">Senedd ieuenctid yw Senedd yr Ifanc, sydd wedi\u2019i ffurfio o wirfoddolwyr rhwng 11 a 25 oed sydd \u00e2 chysylltiad \u00e2 Wrecsam.<\/p>\n<\/div>\n<\/div>\n\n\n\n<div class=\"wp-block-columns is-layout-flex wp-container-core-columns-is-layout-9d6595d7 wp-block-columns-is-layout-flex\">\n<div class=\"wp-block-column is-layout-flow wp-block-column-is-layout-flow\" style=\"flex-basis:55%\">\n<p class=\"has-text-align-center has-background\" style=\"background:linear-gradient(135deg,rgb(233,216,246) 0%,rgb(233,216,246) 100%)\">Mae Senedd yr Ifanc yn cwrdd ar ddydd Llun olaf bob mis ac eithrio gwyliau banc a Seibiant y Gaeaf. Cynhelir cyfarfodydd yn Neuadd y Dref, Wrecsam, ac mae rhannau ffurfiol ac anffurfiol i\u2019r cyfarfodydd.<\/p>\n\n\n\n<p class=\"has-text-align-center has-background\" style=\"background:linear-gradient(135deg,rgb(248,235,203) 0%,rgb(248,235,203) 100%)\">Gallai cyfarfod arferol gynnwys gweithgaredd torri\u2019r i\u00e2 i ddechrau\u2019r sesiwn yna trafodaethau, gweithdai seiliedig ar faterion, gwaith gr\u0175p, rhannu syniadau, gwaith prosiect ac ymweliadau gan weithwyr proffesiynol a hoffai gael mewnbwn pobl ifanc am brosiect. Darperir cyfleoedd hyfforddiant a gwirfoddoli i aelodau Senedd yr Ifanc hefyd a rhoddir cydnabyddiaeth fel tystysgrifau ac achrediad am hyn.<\/p>\n<\/div>\n\n\n\n<div class=\"wp-block-column is-layout-flow wp-block-column-is-layout-flow\" style=\"flex-basis:45%\">\n<figure class=\"wp-block-image size-full\"><img loading=\"lazy\" decoding=\"async\" width=\"702\" height=\"512\" src=\"https:\/\/youngwrexham.co.uk\/cy\/wp-content\/uploads\/sites\/3\/2023\/11\/Untitled-design-16.png\" alt=\"\" class=\"wp-image-8395\" srcset=\"https:\/\/youngwrexham.co.uk\/cy\/wp-content\/uploads\/sites\/3\/2023\/11\/Untitled-design-16.png 702w, https:\/\/youngwrexham.co.uk\/cy\/wp-content\/uploads\/sites\/3\/2023\/11\/Untitled-design-16-300x219.png 300w\" sizes=\"auto, (max-width: 702px) 100vw, 702px\" \/><\/figure>\n\n\n\n<div style=\"height:25px\" aria-hidden=\"true\" class=\"wp-block-spacer\"><\/div>\n\n\n\n<p class=\"has-text-align-center has-background\" style=\"background:linear-gradient(135deg,rgb(207,230,199) 0%,rgb(207,230,199) 100%)\">Mae\u2019r aelodau\u2019n gweithio ar gasglu safbwyntiau a barn pobl ifanc am faterion sy\u2019n effeithio arnyn nhw. Yna maen nhw\u2019n gweithio ar y cyd \u00e2 sefydliadau a gweithwyr proffesiynol i geisio sicrhau newid cadarnhaol.<\/p>\n<\/div>\n<\/div>\n\n\n\n<figure class=\"wp-block-embed is-type-video is-provider-youtube wp-block-embed-youtube wp-embed-aspect-16-9 wp-has-aspect-ratio\"><div class=\"wp-block-embed__wrapper\">\n<iframe loading=\"lazy\" title=\"Am Senedd yr Ifanc\" width=\"500\" height=\"281\" src=\"https:\/\/www.youtube.com\/embed\/onNcARTHbEw?feature=oembed\" frameborder=\"0\" allow=\"accelerometer; autoplay; clipboard-write; encrypted-media; gyroscope; picture-in-picture; web-share\" referrerpolicy=\"strict-origin-when-cross-origin\" allowfullscreen><\/iframe>\n<\/div><\/figure>\n\n\n\n<hr class=\"wp-block-separator has-text-color has-vivid-red-color has-alpha-channel-opacity has-vivid-red-background-color has-background is-style-wide\"\/>\n\n\n\n<h2 class=\"wp-block-heading\" style=\"text-transform:uppercase\"><strong><kbd>Ein Prosiectau a Blaenoriaethau Presennol<\/kbd><\/strong><\/h2>\n\n\n\n<p>Dyma rai o\u2019r prosiectau a mae aelodau Senedd yr Ifanc yn cymryd rhan ynddynt ar hyn o bryd.<\/p>\n\n\n\n<div class=\"wp-block-columns is-layout-flex wp-container-core-columns-is-layout-9d6595d7 wp-block-columns-is-layout-flex\">\n<div class=\"wp-block-column is-layout-flow wp-block-column-is-layout-flow\"><div class=\"wp-block-image\">\n<figure class=\"aligncenter size-large is-resized\"><img loading=\"lazy\" decoding=\"async\" width=\"1024\" height=\"1024\" src=\"https:\/\/youngwrexham.co.uk\/cy\/wp-content\/uploads\/sites\/3\/2023\/11\/1-1024x1024.png\" alt=\"\" class=\"wp-image-8396\" style=\"aspect-ratio:1;width:249px;height:auto\" srcset=\"https:\/\/youngwrexham.co.uk\/cy\/wp-content\/uploads\/sites\/3\/2023\/11\/1-1024x1024.png 1024w, https:\/\/youngwrexham.co.uk\/cy\/wp-content\/uploads\/sites\/3\/2023\/11\/1-300x300.png 300w, https:\/\/youngwrexham.co.uk\/cy\/wp-content\/uploads\/sites\/3\/2023\/11\/1-150x150.png 150w, https:\/\/youngwrexham.co.uk\/cy\/wp-content\/uploads\/sites\/3\/2023\/11\/1-768x768.png 768w, https:\/\/youngwrexham.co.uk\/cy\/wp-content\/uploads\/sites\/3\/2023\/11\/1.png 1080w\" sizes=\"auto, (max-width: 1024px) 100vw, 1024px\" \/><\/figure>\n<\/div>\n\n\n<details class=\"wp-block-details has-vivid-red-color has-text-color is-layout-flow wp-block-details-is-layout-flow\" style=\"text-transform:uppercase\"><summary><strong>Prosiect Atal Troseddau \u00e2 Chyllyll<\/strong><\/summary>\n<p class=\"has-black-color has-text-color has-background\" style=\"background:linear-gradient(135deg,rgb(248,185,185) 0%,rgb(248,185,185) 100%);text-transform:none\">Dechreuodd gwaith ar brosiect Atal Troseddau \u00e2 Chyllyll Senedd yr Ifanc yn 2019, pan amlygodd pobl ifanc Wrecsam y mater. Ers hynny, mae\u2019r bobl ifanc wedi creu a chynnal dau ymgynghoriad i gasglu barn pobl ifanc.&nbsp; Ar \u00f4l yr ymgynghoriad, creodd aelodau gr\u0175p Atal Troseddau \u00e2 Chyllyll Senedd yr Ifanc eu hymgyrch \u2018Dechrau #SgwrsAmGyllyll\u2019. Nod yr ymgyrch hon yw atal ac amlygu peryglon cario cyllell. I gael gwybodaeth am yr ymgynghoriad, cysylltwch \u00e2 youngvoices@wrexham.gov.uk.<\/p>\n<\/details>\n<\/div>\n\n\n\n<div class=\"wp-block-column is-layout-flow wp-block-column-is-layout-flow\"><div class=\"wp-block-image\">\n<figure class=\"aligncenter size-full is-resized\"><img loading=\"lazy\" decoding=\"async\" width=\"540\" height=\"540\" src=\"https:\/\/youngwrexham.co.uk\/cy\/wp-content\/uploads\/sites\/3\/2023\/11\/Untitled-design-17.png\" alt=\"\" class=\"wp-image-8398\" style=\"aspect-ratio:1;width:248px;height:auto\" srcset=\"https:\/\/youngwrexham.co.uk\/cy\/wp-content\/uploads\/sites\/3\/2023\/11\/Untitled-design-17.png 540w, https:\/\/youngwrexham.co.uk\/cy\/wp-content\/uploads\/sites\/3\/2023\/11\/Untitled-design-17-300x300.png 300w, https:\/\/youngwrexham.co.uk\/cy\/wp-content\/uploads\/sites\/3\/2023\/11\/Untitled-design-17-150x150.png 150w\" sizes=\"auto, (max-width: 540px) 100vw, 540px\" \/><\/figure>\n<\/div>\n\n\n<details class=\"wp-block-details has-vivid-cyan-blue-color has-text-color is-layout-flow wp-block-details-is-layout-flow\" style=\"text-transform:uppercase\"><summary><strong>Bwrdd Iechyd Prifysgol Betsi Cadwaladr<\/strong><\/summary>\n<p class=\"has-black-color has-text-color has-background\" style=\"background:linear-gradient(135deg,rgb(219,237,251) 0%,rgb(219,237,251) 100%);text-transform:none\">Mae Aelodau Senedd yr Ifanc sydd wedi bod yn cefnogi gwaith gyda BIPBC wedi bod yn rhan o nifer o brosiectau. Mae\u2019r rhain yn cynnwys: Cefnogi datblygiad Siarter y Plant a Llyfr Ryseitiau &#8211; addewid i barchu lles, llais a hawliau plant a phobl ifanc o sefydliadau yng Nghymru; Cynnig datblygiad \u2018Byrddau Arweinyddiaeth\u2019 (fforymau ieuenctid) yn BIPBC yn llwyddiannus i\u2019r Prif Weithredwr, gan amlinellu pwysigrwydd hawliau plant a llais ieuenctid; a Cyfrannu\u2019n rheolaidd at broses gyfweld unigolion sy\u2019n gwneud cais am r\u00f4l sy\u2019n gweithio gyda phlant a phobl ifanc neu sy\u2019n berthnasol iddynt.<\/p>\n<\/details>\n<\/div>\n<\/div>\n\n\n\n<div style=\"height:25px\" aria-hidden=\"true\" class=\"wp-block-spacer\"><\/div>\n\n\n\n<div class=\"wp-block-columns is-layout-flex wp-container-core-columns-is-layout-9d6595d7 wp-block-columns-is-layout-flex\">\n<div class=\"wp-block-column is-layout-flow wp-block-column-is-layout-flow\"><div class=\"wp-block-image\">\n<figure class=\"aligncenter size-large is-resized\"><img loading=\"lazy\" decoding=\"async\" width=\"1080\" height=\"1080\" src=\"https:\/\/youngwrexham.co.uk\/cy\/wp-content\/uploads\/sites\/3\/2023\/11\/4-1024x1024.png\" alt=\"\" class=\"wp-image-8399\" style=\"aspect-ratio:1;width:245px;height:auto\" srcset=\"https:\/\/youngwrexham.co.uk\/cy\/wp-content\/uploads\/sites\/3\/2023\/11\/4-1024x1024.png 1024w, https:\/\/youngwrexham.co.uk\/cy\/wp-content\/uploads\/sites\/3\/2023\/11\/4-300x300.png 300w, https:\/\/youngwrexham.co.uk\/cy\/wp-content\/uploads\/sites\/3\/2023\/11\/4-150x150.png 150w, https:\/\/youngwrexham.co.uk\/cy\/wp-content\/uploads\/sites\/3\/2023\/11\/4-768x768.png 768w, https:\/\/youngwrexham.co.uk\/cy\/wp-content\/uploads\/sites\/3\/2023\/11\/4.png 1080w\" sizes=\"auto, (max-width: 1080px) 100vw, 1080px\" \/><\/figure>\n<\/div>\n\n\n<details class=\"wp-block-details has-vivid-purple-color has-text-color is-layout-flow wp-block-details-is-layout-flow\" style=\"text-transform:uppercase\"><summary><strong>Gwasanaeth Iechyd Meddwl Plant a Phobl Ifanc<\/strong><\/summary>\n<p class=\"has-black-color has-text-color has-background\" style=\"background:linear-gradient(135deg,rgb(233,216,246) 0%,rgb(233,216,246) 100%);text-transform:none\">Dechreuodd Senedd yr Ifanc weithio ar y cyd \u00e2 Gwasanaethau Iechyd Meddwl Plant a Phobl Ifanc (CAMHS) ar y prosiect hwn yn 2018 pan wnaeth pobl ifanc sy\u2019n defnyddio eu gwasanaeth ddweud wrthym fod amgylchedd ystafelloedd apwyntiadau yn rhy glinigol iddynt deimlo\u2019n gyfforddus ynddynt. Yn 2020, gwnaethom lansio ymgynghoriad lle dywedodd 947 o bobl ifanc wrthym sut hoffent weld amgylchedd CAMHS a\u2019r wefan yn cael eu gwella. Rhannwyd y wybodaeth a gasglwyd \u00e2 CAMHS ac rydym yn cydweithio ar hyn o bryd i wneud addasiadau ar sail yr ymatebion i\u2019r ymgynghoriad.<\/p>\n<\/details>\n<\/div>\n\n\n\n<div class=\"wp-block-column is-layout-flow wp-block-column-is-layout-flow\"><div class=\"wp-block-image\">\n<figure class=\"aligncenter size-large is-resized\"><img loading=\"lazy\" decoding=\"async\" width=\"1024\" height=\"1024\" src=\"https:\/\/youngwrexham.co.uk\/cy\/wp-content\/uploads\/sites\/3\/2023\/11\/5-1024x1024.png\" alt=\"\" class=\"wp-image-8401\" style=\"aspect-ratio:1;width:248px;height:auto\" srcset=\"https:\/\/youngwrexham.co.uk\/cy\/wp-content\/uploads\/sites\/3\/2023\/11\/5-1024x1024.png 1024w, https:\/\/youngwrexham.co.uk\/cy\/wp-content\/uploads\/sites\/3\/2023\/11\/5-300x300.png 300w, https:\/\/youngwrexham.co.uk\/cy\/wp-content\/uploads\/sites\/3\/2023\/11\/5-150x150.png 150w, https:\/\/youngwrexham.co.uk\/cy\/wp-content\/uploads\/sites\/3\/2023\/11\/5-768x768.png 768w, https:\/\/youngwrexham.co.uk\/cy\/wp-content\/uploads\/sites\/3\/2023\/11\/5.png 1080w\" sizes=\"auto, (max-width: 1024px) 100vw, 1024px\" \/><\/figure>\n<\/div>\n\n\n<details class=\"wp-block-details has-luminous-vivid-amber-color has-text-color is-layout-flow wp-block-details-is-layout-flow\" style=\"text-transform:uppercase\"><summary><strong>Senedd Ieuenctid y DU<\/strong><\/summary>\n<p class=\"has-black-color has-text-color has-background\" style=\"background:linear-gradient(135deg,rgb(248,235,203) 0%,rgb(248,235,203) 100%);text-transform:none\">Senedd Ieuenctid y DU yw corff o bobl ifanc rhwng 11-18 oed sydd wedi&#8217;u hethol o ledled y DU. Mae Senedd Ieuenctid y DU yn defnyddio eu llais etholedig i gyflwyno newid cymdeithasol trwy gynrychiolaeth ystyrlon ac ymgyrchu, gan alluogi pobl ifanc i ddefnyddio eu hegni a\u2019u hangerdd i newid y byd er gwell. Yn Wrecsam, mae aelodau Senedd yr Ifanc yn ethol unigolyn i gynrychioli barn pobl ifanc Wrecsam a\u2019i rhannu \u00e2 Senedd Ieuenctid y DU. Ar hyn o bryd, aelod presennol Senedd Ieuenctid y DU o Wrecsam yw Katie, ac Alex yw\u2019r dirprwy aelod.<\/p>\n<\/details>\n<\/div>\n<\/div>\n\n\n\n<div style=\"height:25px\" aria-hidden=\"true\" class=\"wp-block-spacer\"><\/div>\n\n\n\n<div class=\"wp-block-columns is-layout-flex wp-container-core-columns-is-layout-9d6595d7 wp-block-columns-is-layout-flex\">\n<div class=\"wp-block-column is-layout-flow wp-block-column-is-layout-flow\"><div class=\"wp-block-image\">\n<figure class=\"aligncenter size-large is-resized\"><img loading=\"lazy\" decoding=\"async\" width=\"1024\" height=\"1024\" src=\"https:\/\/youngwrexham.co.uk\/cy\/wp-content\/uploads\/sites\/3\/2023\/11\/8-1024x1024.png\" alt=\"\" class=\"wp-image-8403\" style=\"aspect-ratio:1;width:249px;height:auto\" srcset=\"https:\/\/youngwrexham.co.uk\/cy\/wp-content\/uploads\/sites\/3\/2023\/11\/8-1024x1024.png 1024w, https:\/\/youngwrexham.co.uk\/cy\/wp-content\/uploads\/sites\/3\/2023\/11\/8-300x300.png 300w, https:\/\/youngwrexham.co.uk\/cy\/wp-content\/uploads\/sites\/3\/2023\/11\/8-150x150.png 150w, https:\/\/youngwrexham.co.uk\/cy\/wp-content\/uploads\/sites\/3\/2023\/11\/8-768x768.png 768w, https:\/\/youngwrexham.co.uk\/cy\/wp-content\/uploads\/sites\/3\/2023\/11\/8.png 1080w\" sizes=\"auto, (max-width: 1024px) 100vw, 1024px\" \/><\/figure>\n<\/div>\n\n\n<details class=\"wp-block-details has-vivid-cyan-blue-color has-text-color is-layout-flow wp-block-details-is-layout-flow\" style=\"text-transform:uppercase\"><summary><strong>Wythnos Gwaith Ieuenctid<\/strong><\/summary>\n<p class=\"has-black-color has-text-color has-background\" style=\"background:linear-gradient(135deg,rgb(219,237,251) 0%,rgb(219,237,251) 100%);text-transform:none\">Caiff Wythnos Gwaith Ieuenctid ei ddathlu ym mis Mehefin bob blwyddyn yng Nghymru. Eleni (2023), daeth sefydliadau ieuenctid a phobl ifanc ar draws Wrecsam at ei gilydd i ddathlu effaith gadarnhaol gwaith ieuenctid a hyrwyddo\u2019r gwasanaethau sydd ar gael. Ymunodd aelodau Senedd yr Ifanc \u00e2\u2019r dathliadau gyda stondin yn hyrwyddo\u2019r gwaith rydym yn ei wneud, ac ymuno \u00e2\u2019r orymdaith trwy\u2019r ddinas.<\/p>\n<\/details>\n<\/div>\n\n\n\n<div class=\"wp-block-column is-layout-flow wp-block-column-is-layout-flow\"><div class=\"wp-block-image\">\n<figure class=\"aligncenter size-large is-resized\"><img loading=\"lazy\" decoding=\"async\" width=\"1024\" height=\"1024\" src=\"https:\/\/youngwrexham.co.uk\/cy\/wp-content\/uploads\/sites\/3\/2023\/11\/6-1024x1024.png\" alt=\"\" class=\"wp-image-8402\" style=\"aspect-ratio:1;width:247px;height:auto\" srcset=\"https:\/\/youngwrexham.co.uk\/cy\/wp-content\/uploads\/sites\/3\/2023\/11\/6-1024x1024.png 1024w, https:\/\/youngwrexham.co.uk\/cy\/wp-content\/uploads\/sites\/3\/2023\/11\/6-300x300.png 300w, https:\/\/youngwrexham.co.uk\/cy\/wp-content\/uploads\/sites\/3\/2023\/11\/6-150x150.png 150w, https:\/\/youngwrexham.co.uk\/cy\/wp-content\/uploads\/sites\/3\/2023\/11\/6-768x768.png 768w, https:\/\/youngwrexham.co.uk\/cy\/wp-content\/uploads\/sites\/3\/2023\/11\/6.png 1080w\" sizes=\"auto, (max-width: 1024px) 100vw, 1024px\" \/><\/figure>\n<\/div>\n\n\n<details class=\"wp-block-details has-vivid-green-cyan-color has-text-color is-layout-flow wp-block-details-is-layout-flow\" style=\"text-transform:uppercase\"><summary><strong>Diwrnod Byd-eang y Plant<\/strong><\/summary>\n<p class=\"has-black-color has-text-color has-background\" style=\"background:linear-gradient(135deg,rgb(207,230,199) 0%,rgb(207,230,199) 100%);text-transform:none\">Mae Diwrnod Plant y Byd yn cael ei ddathlu&#8217;n fyd-eang ar 20 Tachwedd. Bob blwyddyn, mae Senedd yr Ifanc yn dathlu hawliau plant a&#8217;u lle mewn cymdeithas. Gall hyn fod naill ai trwy hyrwyddo hawliau plant neu gefnogi digwyddiadau sy&#8217;n dathlu hynny.<\/p>\n<\/details>\n<\/div>\n<\/div>\n\n\n\n<div style=\"height:25px\" aria-hidden=\"true\" class=\"wp-block-spacer\"><\/div>\n\n\n\n<div class=\"wp-block-columns is-layout-flex wp-container-core-columns-is-layout-9d6595d7 wp-block-columns-is-layout-flex\">\n<div class=\"wp-block-column is-layout-flow wp-block-column-is-layout-flow\"><div class=\"wp-block-image\">\n<figure class=\"aligncenter size-large is-resized\"><img loading=\"lazy\" decoding=\"async\" width=\"1024\" height=\"1024\" src=\"https:\/\/youngwrexham.co.uk\/cy\/wp-content\/uploads\/sites\/3\/2023\/11\/9-1024x1024.png\" alt=\"\" class=\"wp-image-8405\" style=\"aspect-ratio:1;width:255px;height:auto\" srcset=\"https:\/\/youngwrexham.co.uk\/cy\/wp-content\/uploads\/sites\/3\/2023\/11\/9-1024x1024.png 1024w, https:\/\/youngwrexham.co.uk\/cy\/wp-content\/uploads\/sites\/3\/2023\/11\/9-300x300.png 300w, https:\/\/youngwrexham.co.uk\/cy\/wp-content\/uploads\/sites\/3\/2023\/11\/9-150x150.png 150w, https:\/\/youngwrexham.co.uk\/cy\/wp-content\/uploads\/sites\/3\/2023\/11\/9-768x768.png 768w, https:\/\/youngwrexham.co.uk\/cy\/wp-content\/uploads\/sites\/3\/2023\/11\/9.png 1080w\" sizes=\"auto, (max-width: 1024px) 100vw, 1024px\" \/><\/figure>\n<\/div>\n\n\n<details class=\"wp-block-details has-luminous-vivid-orange-color has-text-color is-layout-flow wp-block-details-is-layout-flow\" style=\"text-transform:uppercase\"><summary><strong>Teithiau Gwobrwyo <\/strong><\/summary>\n<p class=\"has-black-color has-text-color has-background\" style=\"background:linear-gradient(135deg,rgb(250,226,205) 0%,rgb(250,226,205) 100%);text-transform:none\">Mae\u2019r bobl ifanc sy\u2019n gwirfoddoli eu hamser i Senedd yr Ifanc yn gweithio\u2019n arbennig o galed trwy gydol y flwyddyn. Fel diolch am eu hymroddiad, cynigir gweithgareddau a theithiau iddynt fel gwobrau. Yn ddiweddar, mae rhai o\u2019r gweithgareddau maen nhw wedi\u2019u dewis yn cynnwys bowlio, ystafelloedd dianc, s\u0175, amgueddfeydd, cestyll a bwytai.<\/p>\n<\/details>\n<\/div>\n\n\n\n<div class=\"wp-block-column is-layout-flow wp-block-column-is-layout-flow\"><div class=\"wp-block-image\">\n<figure class=\"aligncenter size-full is-resized\"><img loading=\"lazy\" decoding=\"async\" width=\"540\" height=\"540\" src=\"https:\/\/youngwrexham.co.uk\/cy\/wp-content\/uploads\/sites\/3\/2023\/11\/Untitled-design-19.png\" alt=\"\" class=\"wp-image-8404\" style=\"aspect-ratio:1;width:250px;height:auto\" srcset=\"https:\/\/youngwrexham.co.uk\/cy\/wp-content\/uploads\/sites\/3\/2023\/11\/Untitled-design-19.png 540w, https:\/\/youngwrexham.co.uk\/cy\/wp-content\/uploads\/sites\/3\/2023\/11\/Untitled-design-19-300x300.png 300w, https:\/\/youngwrexham.co.uk\/cy\/wp-content\/uploads\/sites\/3\/2023\/11\/Untitled-design-19-150x150.png 150w\" sizes=\"auto, (max-width: 540px) 100vw, 540px\" \/><\/figure>\n<\/div>\n\n\n<details class=\"wp-block-details has-vivid-red-color has-text-color is-layout-flow wp-block-details-is-layout-flow\" style=\"text-transform:uppercase\"><summary><strong>Diwrnod Chwarae<\/strong><\/summary>\n<p class=\"has-black-color has-text-color has-background\" style=\"background:linear-gradient(135deg,rgb(248,185,185) 0%,rgb(248,185,185) 100%);font-style:normal;font-weight:400;text-transform:none\">Ar ddydd Mercher cyntaf mis Awst bob blwyddyn, mae T\u00eem Chwarae Wrecsam yn cynnal \u2018Diwrnod Chwarae\u2019 yng nghanol y ddinas. Caiff Diwrnod Chwarae ei ddathlu\u2019n genedlaethol i bwysleisio pwysigrwydd chwarae. Bob blwyddyn, mae\u2019r diwrnod yn llawn gweithgareddau difyr am ddim, a bydd miloedd o blant yn eu mwynhau. Mae\u2019r rhain yn cynnwys adeiladu cuddfannau, adeiladu go-cart, pwll tywod mawr, sleidiau d\u0175r a th\u00e2n. Mae Senedd yr Ifanc yn cefnogi\u2019r digwyddiad gwych hwn bob blwyddyn gyda stondin a gweithgaredd eu hunain, fel blociau d\u0175r, peintio wynebau a gemau syrcas.<\/p>\n<\/details>\n<\/div>\n<\/div>\n\n\n\n<div style=\"height:25px\" aria-hidden=\"true\" class=\"wp-block-spacer\"><\/div>\n\n\n\n<div class=\"wp-block-columns is-layout-flex wp-container-core-columns-is-layout-9d6595d7 wp-block-columns-is-layout-flex\">\n<div class=\"wp-block-column is-layout-flow wp-block-column-is-layout-flow\"><div class=\"wp-block-image\">\n<figure class=\"aligncenter size-full is-resized\"><img loading=\"lazy\" decoding=\"async\" width=\"540\" height=\"540\" src=\"https:\/\/youngwrexham.co.uk\/cy\/wp-content\/uploads\/sites\/3\/2023\/11\/Add-a-subheading.png\" alt=\"\" class=\"wp-image-8406\" style=\"aspect-ratio:1;width:259px;height:auto\" srcset=\"https:\/\/youngwrexham.co.uk\/cy\/wp-content\/uploads\/sites\/3\/2023\/11\/Add-a-subheading.png 540w, https:\/\/youngwrexham.co.uk\/cy\/wp-content\/uploads\/sites\/3\/2023\/11\/Add-a-subheading-300x300.png 300w, https:\/\/youngwrexham.co.uk\/cy\/wp-content\/uploads\/sites\/3\/2023\/11\/Add-a-subheading-150x150.png 150w\" sizes=\"auto, (max-width: 540px) 100vw, 540px\" \/><\/figure>\n<\/div>\n\n\n<details class=\"wp-block-details has-vivid-purple-color has-text-color is-layout-flow wp-block-details-is-layout-flow\" style=\"text-transform:uppercase\"><summary><strong>Blaenoriaethau<\/strong><\/summary>\n<p class=\"has-black-color has-text-color has-background\" style=\"background:linear-gradient(135deg,rgb(233,216,246) 0%,rgb(233,216,246) 100%);text-transform:none\">Blaenoriaethau presennol y gr\u0175p yw \u2018Wrecsam Fwy Diogel: Gweithio i wneud Wrecsam yn lle mwy diogel a mwy croesawgar i bob person ifanc\u2019 a \u2018F\u00eapio, Cyffuriau ac Alcohol: Ymchwilio, gyda&#8217;r nod o leihau camddefnyddio sylweddau ymhlith pobl ifanc\u2019. Bydd ymgynghoriad newydd yn cael ei gynnal yn hydref 2027 a bydd blaenoriaeth newydd yn cael ei dyrannu ym mis Ionawr 2028 yn seiliedig ar leisiau pobl ifanc yn Wrecsam.<\/p>\n<\/details>\n<\/div>\n\n\n\n<div class=\"wp-block-column is-layout-flow wp-block-column-is-layout-flow\"><\/div>\n<\/div>\n\n\n\n<hr class=\"wp-block-separator has-text-color has-vivid-red-color has-alpha-channel-opacity has-vivid-red-background-color has-background is-style-wide\"\/>\n\n\n\n<h2 class=\"wp-block-heading\"><strong><kbd>NEWYDDION SENEDD YR IFANC<\/kbd><\/strong><\/h2>\n\n\n\n<p class=\"has-background\" style=\"background:linear-gradient(135deg,rgb(248,235,203) 0%,rgb(248,235,203) 100%)\">Mae Senedd yr Ifanc yn cyhoeddi cylchlythyr rheolaidd yn manylu ar eu gwaith a&#8217;u cyflawniadau. Os hoffech dderbyn y cylchlythyr <a href=\"https:\/\/www.wrecsam.gov.uk\/service\/cysylltu\/fyniweddariadau\">hwn<\/a>, dilynwch y ddolen isod.<\/p>\n\n\n\n<div style=\"height:100px\" aria-hidden=\"true\" class=\"wp-block-spacer\"><\/div>\n\n\n\n<hr class=\"wp-block-separator has-text-color has-vivid-red-color has-alpha-channel-opacity has-vivid-red-background-color has-background is-style-wide\"\/>\n\n\n\n<h2 class=\"wp-block-heading\"><strong><kbd>EIN PROSIECTAU A BLAENORIAETHAU BLAENOROL<\/kbd><\/strong><\/h2>\n\n\n\n<h3 class=\"wp-block-heading\" style=\"text-transform:uppercase\"><strong><kbd>Prosiectau Blaenorol<\/kbd><\/strong><\/h3>\n\n\n\n<p class=\"has-background\" style=\"background:linear-gradient(135deg,rgb(207,230,199) 0%,rgb(207,230,199) 100%)\">Mae\u2019r prosiectau rydym ni\u2019n gweithio arnynt yn newid yn barhaus. Rydym ni\u2019n ymgysylltu \u00e2 rhai prosiectau\u2019n rheolaidd (fel Diwrnod Chwarae, Diwrnod Byd-eang y Plant a gwaith gydag Iechyd Cyhoeddus Cymru) ond mae\u2019n rhaid i\u2019r rhan fwyaf o brosiectau ddod i ben. Gweler isod i gael syniad o rywfaint o\u2019r gwaith rydym wedi cymryd rhan ynddo yn y gorffennol.<\/p>\n\n\n\n<div class=\"wp-block-columns is-layout-flex wp-container-core-columns-is-layout-9d6595d7 wp-block-columns-is-layout-flex\">\n<div class=\"wp-block-column is-layout-flow wp-block-column-is-layout-flow\">\n<details class=\"wp-block-details has-vivid-red-color has-text-color is-layout-flow wp-block-details-is-layout-flow\" style=\"text-transform:uppercase\"><summary><strong>Prosiectau Lleol<\/strong><\/summary>\n<p class=\"has-black-color has-text-color has-background\" style=\"background:linear-gradient(135deg,rgb(248,185,185) 0%,rgb(248,185,185) 100%);text-transform:none\">Ers ei greu yn 2010, mae Senedd yr Ifanc wedi cymryd rhan mewn sawl prosiect, gweithgaredd a digwyddiad a\u2019u datblygu. Dyma rai enghreifftiau o\u2019n gwaith blaenorol yn lleol:<\/p>\n\n\n\n<details class=\"wp-block-details has-black-color has-text-color is-layout-flow wp-block-details-is-layout-flow\" style=\"text-transform:none\"><summary>Digwyddiadau<\/summary>\n<p class=\"has-background\" style=\"background:linear-gradient(135deg,rgb(248,185,185) 0%,rgb(248,185,185) 100%);text-transform:none\">Digwyddiadau fel \u2018Wrexpression\u2019 (dathlu mynegiant creadigol) a \u2018Dathlu 30 Mlynedd o Hawliau Plant\u2019.<\/p>\n<\/details>\n\n\n\n<details class=\"wp-block-details has-black-color has-text-color is-layout-flow wp-block-details-is-layout-flow\" style=\"text-transform:none\"><summary>Ddiwrnod Rhyngwladol y Merched<\/summary>\n<p class=\"has-background\" style=\"background:linear-gradient(135deg,rgb(248,185,185) 0%,rgb(248,185,185) 100%)\">Cyfle i ferched gysgodi menywod dylanwadol a llwyddiannus ar Ddiwrnod Rhyngwladol y Merched.<\/p>\n<\/details>\n\n\n\n<details class=\"wp-block-details has-black-color has-text-color is-layout-flow wp-block-details-is-layout-flow\" style=\"text-transform:none\"><summary>Amser Gwneud Gwahaniaeth<\/summary>\n<p class=\"has-background\" style=\"background:linear-gradient(135deg,rgb(248,185,185) 0%,rgb(248,185,185) 100%)\">Prosiect Iechyd Meddwl a oedd yn darparu hyfforddiant i athrawon a hysbysfyrddau addysgol mewn ysgolion.<\/p>\n<\/details>\n\n\n\n<details class=\"wp-block-details has-black-color has-text-color is-layout-flow wp-block-details-is-layout-flow\" style=\"text-transform:none\"><summary>Fideos<\/summary>\n<p class=\"has-background\" style=\"background:linear-gradient(135deg,rgb(248,185,185) 0%,rgb(248,185,185) 100%)\">Fideos addysgol\/hyrwyddo ar feysydd gan gynnwys Disgybl-lywodraethwyr Cyswllt, Senedd yr Ifanc a lleihau sbwriel.<\/p>\n<\/details>\n\n\n\n<details class=\"wp-block-details has-black-color has-text-color is-layout-flow wp-block-details-is-layout-flow\" style=\"text-transform:none\"><summary>16 oed i Bleidleisio<\/summary>\n<p class=\"has-background\" style=\"background:linear-gradient(135deg,rgb(248,185,185) 0%,rgb(248,185,185) 100%)\">Ymgyrchu dros hawl pobl ifanc 16 oed i Bleidleisio.<\/p>\n<\/details>\n\n\n\n<details class=\"wp-block-details has-black-color has-text-color is-layout-flow wp-block-details-is-layout-flow\" style=\"text-transform:none\"><summary>Bwrdd Gwasanaethau Cyhoeddus<\/summary>\n<p class=\"has-background\" style=\"background:linear-gradient(135deg,rgb(248,185,185) 0%,rgb(248,185,185) 100%)\">Gweithio gyda Bwrdd Gwasanaethau Cyhoeddus Wrecsam i lunio \u2018Ein Hymgynghoriad Lles\u2019. Cliciwch yma i ddarllen yr adroddiad.<\/p>\n<\/details>\n<\/details>\n<\/div>\n\n\n\n<div class=\"wp-block-column is-layout-flow wp-block-column-is-layout-flow\">\n<details class=\"wp-block-details has-vivid-cyan-blue-color has-text-color is-layout-flow wp-block-details-is-layout-flow\" style=\"text-transform:uppercase\"><summary><strong>Mewnbwn Cenedlaethol<\/strong><\/summary>\n<p><\/p>\n\n\n\n<details class=\"wp-block-details has-black-color has-text-color is-layout-flow wp-block-details-is-layout-flow\" style=\"text-transform:none\"><summary>Cymru Ifanc<\/summary>\n<p class=\"has-background\" style=\"background:linear-gradient(135deg,rgb(219,237,251) 0%,rgb(219,237,251) 100%)\">Cymru Ifanc (a gaiff ei redeg gan Plant yng Nghymru): Platfform cenedlaethol yw Cymru Ifanc sy\u2019n bwydo i Lywodraeth Cymru. Trwy\u2019r prosiect hwn, mae pobl ifanc o Wrecsam wedi cyfrannu at bolis\u00efau a strategaethau cenedlaethol a chwrdd \u00e2 rhai sy\u2019n gwneud penderfyniadau gan gynnwys Prif Weinidog Cymru a Gweinidogion Llywodraeth Cymru.<\/p>\n<\/details>\n\n\n\n<details class=\"wp-block-details has-black-color has-text-color is-layout-flow wp-block-details-is-layout-flow\" style=\"text-transform:none\"><summary>Cyngor Ieuenctid y Gymanwlad<\/summary>\n<p class=\"has-background\" style=\"background:linear-gradient(135deg,rgb(219,237,251) 0%,rgb(219,237,251) 100%)\">Mynychodd aelod o Senedd yr Ifanc Gyngor Ieuenctid y Gymanwlad yn 2017 i gynrychioli pobl ifanc Cymru.<\/p>\n<\/details>\n\n\n\n<details class=\"wp-block-details has-black-color has-text-color is-layout-flow wp-block-details-is-layout-flow\" style=\"text-transform:none\"><summary>Gwobr Gwaith Ieuenctid Genedlaethol<\/summary>\n<p class=\"has-background\" style=\"background:linear-gradient(135deg,rgb(219,237,251) 0%,rgb(219,237,251) 100%)\">Gwahoddwyd aelodau Senedd yr Ifanc gan Lywodraeth Cymru i feirniadu categori Gwobr Gwaith Ieuenctid Genedlaethol. Cawsant gyflwyno\u2019r wobr i\u2019r enillydd yng Nghaerdydd hefyd.<\/p>\n<\/details>\n\n\n\n<details class=\"wp-block-details has-black-color has-text-color is-layout-flow wp-block-details-is-layout-flow\" style=\"text-transform:none\"><summary>Pleidlais Gwneud Eich Marc<\/summary>\n<p class=\"has-background\" style=\"background:linear-gradient(135deg,rgb(219,237,251) 0%,rgb(219,237,251) 100%)\">Yn debyg i\u2019n Pleidlais ein hunain, mae Pleidlais Gwneud Eich Marc yn rhoi cyfle i bobl ifanc fynegi barn am y materion mwyaf sy\u2019n wynebu pobl ifanc, ond ar lefel genedlaethol.<\/p>\n<\/details>\n<\/details>\n<\/div>\n<\/div>\n\n\n\n<div style=\"height:35px\" aria-hidden=\"true\" class=\"wp-block-spacer\"><\/div>\n\n\n\n<h3 class=\"wp-block-heading\" style=\"text-transform:uppercase\"><strong><kbd>Blaenoriaethau Blaenorol<\/kbd><\/strong><\/h3>\n\n\n\n<p class=\"has-background\" style=\"background:linear-gradient(135deg,rgb(250,226,205) 0%,rgb(250,226,205) 100%)\">Mae blaenoriaethau yn parhau i fod yn eu lle am dymor llawn (dwy flynedd) cyn iddynt gael eu cyflwyno ar gyfer pleidlais arall. Yn y tymor blaenorol (2023-2025), dywedodd pobl ifanc yn Wrecsam wrthym mai\u2019r &#8216;Argyfwng Costau Byw&#8217; oedd y prif fater iddynt. Fel rhan o&#8217;r gwaith hwn, gwnaethom greu ymgynghoriad i gael gwybod mwy am realiti&#8217;r Argyfwng Costau Byw i bobl ifanc yn Wrecsam, gan gynnwys pa gymorth maent wedi&#8217;i gael, a pha gymorth maent yn ymwybodol ohono. Dewch o hyd i adroddiad canlyniadau&#8217;r ymgynghoriad yma.<\/p>\n\n\n\n<div class=\"wp-block-columns is-layout-flex wp-container-core-columns-is-layout-9d6595d7 wp-block-columns-is-layout-flex\">\n<div class=\"wp-block-column is-layout-flow wp-block-column-is-layout-flow\"><div class=\"wp-block-image\">\n<figure class=\"aligncenter size-full is-resized\"><img loading=\"lazy\" decoding=\"async\" width=\"1080\" height=\"1080\" src=\"https:\/\/youngwrexham.co.uk\/cy\/wp-content\/uploads\/sites\/3\/2025\/12\/1.png\" alt=\"\" class=\"wp-image-9041\" style=\"aspect-ratio:1;width:91px;height:auto\" srcset=\"https:\/\/youngwrexham.co.uk\/cy\/wp-content\/uploads\/sites\/3\/2025\/12\/1.png 1080w, https:\/\/youngwrexham.co.uk\/cy\/wp-content\/uploads\/sites\/3\/2025\/12\/1-300x300.png 300w, https:\/\/youngwrexham.co.uk\/cy\/wp-content\/uploads\/sites\/3\/2025\/12\/1-1024x1024.png 1024w, https:\/\/youngwrexham.co.uk\/cy\/wp-content\/uploads\/sites\/3\/2025\/12\/1-150x150.png 150w, https:\/\/youngwrexham.co.uk\/cy\/wp-content\/uploads\/sites\/3\/2025\/12\/1-768x768.png 768w\" sizes=\"auto, (max-width: 1080px) 100vw, 1080px\" \/><\/figure>\n<\/div>\n\n\n<div style=\"height:25px\" aria-hidden=\"true\" class=\"wp-block-spacer\"><\/div>\n\n\n\n<p class=\"has-text-align-center\"><strong>Argyfwng Costau Byw<\/strong><\/p>\n\n\n\n<p class=\"has-text-align-center\">Ymchwilio i sut mae costau byw yn effeithio ar bobl ifanc a chodi ymwybyddiaeth o\u2019r gefnogaeth sydd ar gael.<\/p>\n\n\n\n<div class=\"wp-block-columns is-layout-flex wp-container-core-columns-is-layout-9d6595d7 wp-block-columns-is-layout-flex\">\n<div class=\"wp-block-column is-layout-flow wp-block-column-is-layout-flow\">\n<div data-wp-interactive=\"core\/file\" class=\"wp-block-file\"><object data-wp-bind--hidden=\"!state.hasPdfPreview\" hidden class=\"wp-block-file__embed\" data=\"https:\/\/youngwrexham.co.uk\/cy\/wp-content\/uploads\/sites\/3\/2026\/03\/Overview-of-Cost-of-Living-Report-1.pdf\" type=\"application\/pdf\" style=\"width:100%;height:200px\" aria-label=\"Embed of Argyfwng Costau Byw yn Wrecsam.\"><\/object><a id=\"wp-block-file--media-df8e643c-8426-4be3-bca6-7e202e509865\" href=\"https:\/\/youngwrexham.co.uk\/cy\/wp-content\/uploads\/sites\/3\/2026\/03\/Overview-of-Cost-of-Living-Report-1.pdf\">Argyfwng Costau Byw yn Wrecsam<\/a><a href=\"https:\/\/youngwrexham.co.uk\/cy\/wp-content\/uploads\/sites\/3\/2026\/03\/Overview-of-Cost-of-Living-Report-1.pdf\" class=\"wp-block-file__button wp-element-button\" download aria-describedby=\"wp-block-file--media-df8e643c-8426-4be3-bca6-7e202e509865\">Download<\/a><\/div>\n<\/div>\n<\/div>\n\n\n\n<p class=\"has-vivid-cyan-blue-color has-text-color has-link-color wp-elements-a6dcac479a204c1cb5a3d51467ad5a7e\" id=\"tw-target-text\" style=\"text-decoration:underline\"><a href=\"https:\/\/www.canva.com\/design\/DAGzCQtUW2Q\/R4sSN3_TK_AIDTpFPWn5xA\/watch?utm_content=DAGzCQtUW2Q&amp;utm_campaign=designshare&amp;utm_medium=link2&amp;utm_source=uniquelinks&amp;utlId=h0a3665edd0\">Darllenwch yr adroddiad llawn yma.<\/a><\/p>\n<\/div>\n\n\n\n<div class=\"wp-block-column is-layout-flow wp-block-column-is-layout-flow\"><div class=\"wp-block-image\">\n<figure class=\"aligncenter size-full is-resized\"><img loading=\"lazy\" decoding=\"async\" width=\"1080\" height=\"1080\" src=\"https:\/\/youngwrexham.co.uk\/cy\/wp-content\/uploads\/sites\/3\/2025\/12\/2.png\" alt=\"\" class=\"wp-image-9040\" style=\"aspect-ratio:1;width:90px;height:auto\" srcset=\"https:\/\/youngwrexham.co.uk\/cy\/wp-content\/uploads\/sites\/3\/2025\/12\/2.png 1080w, https:\/\/youngwrexham.co.uk\/cy\/wp-content\/uploads\/sites\/3\/2025\/12\/2-300x300.png 300w, https:\/\/youngwrexham.co.uk\/cy\/wp-content\/uploads\/sites\/3\/2025\/12\/2-1024x1024.png 1024w, https:\/\/youngwrexham.co.uk\/cy\/wp-content\/uploads\/sites\/3\/2025\/12\/2-150x150.png 150w, https:\/\/youngwrexham.co.uk\/cy\/wp-content\/uploads\/sites\/3\/2025\/12\/2-768x768.png 768w\" sizes=\"auto, (max-width: 1080px) 100vw, 1080px\" \/><\/figure>\n<\/div>\n\n\n<div style=\"height:25px\" aria-hidden=\"true\" class=\"wp-block-spacer\"><\/div>\n\n\n\n<p class=\"has-text-align-center\"><strong>Ein Hamgylchedd:<\/strong><\/p>\n\n\n\n<p class=\"has-text-align-center\" style=\"letter-spacing:0px\">Ceisio lleihau plastigau untro a lleihau ein h\u00f4l-troed carbon yn Wrecsam.<\/p>\n\n\n\n<p class=\"has-text-align-center\"><strong>Deall Troseddau \u00e2 Chyllyll:<\/strong><\/p>\n\n\n\n<p class=\"has-text-align-center\">Edrych a oes problem eisoes a gobeithio lleihau troseddau \u00e2 chyllyll yn y dyfodol yn Wrecsam.<\/p>\n<\/div>\n<\/div>\n\n\n\n<hr class=\"wp-block-separator has-text-color has-vivid-red-color has-alpha-channel-opacity has-vivid-red-background-color has-background\"\/>\n\n\n\n<h2 class=\"wp-block-heading\"><strong><kbd>SUT I GYMRYD <\/kbd><\/strong><kbd>RHAN<\/kbd><\/h2>\n\n\n\n<div class=\"wp-block-columns is-layout-flex wp-container-core-columns-is-layout-9d6595d7 wp-block-columns-is-layout-flex\">\n<div class=\"wp-block-column is-layout-flow wp-block-column-is-layout-flow\" style=\"flex-basis:80%\">\n<ul class=\"wp-block-list\">\n<li>Wyt ti\u2019n byw, astudio neu weithio yn Wrecsam?<\/li>\n\n\n\n<li>Hoffet ti gael rhagor o wybodaeth am beth mae Senedd yr Ifanc yn ei wneud?<\/li>\n\n\n\n<li>Hoffet ti fod yn aelod o Senedd yr Ifanc?<\/li>\n\n\n\n<li>Os felly, gallwch gysylltu \u00e2&#8217;r T\u00eem Cyfranogiad dros y ff\u00f4n (01978 298374), e-bost, neu&#8217;r cyfryngau cymdeithasol.<\/li>\n<\/ul>\n<\/div>\n\n\n\n<div class=\"wp-block-column is-layout-flow wp-block-column-is-layout-flow\" style=\"flex-basis:20%\"><div class=\"wp-block-image\">\n<figure class=\"aligncenter size-full is-resized\"><img loading=\"lazy\" decoding=\"async\" width=\"540\" height=\"540\" src=\"https:\/\/youngwrexham.co.uk\/cy\/wp-content\/uploads\/sites\/3\/2023\/11\/Untitled-design-18-1.png\" alt=\"\" class=\"wp-image-8410\" style=\"aspect-ratio:1;width:121px;height:auto\" srcset=\"https:\/\/youngwrexham.co.uk\/cy\/wp-content\/uploads\/sites\/3\/2023\/11\/Untitled-design-18-1.png 540w, https:\/\/youngwrexham.co.uk\/cy\/wp-content\/uploads\/sites\/3\/2023\/11\/Untitled-design-18-1-300x300.png 300w, https:\/\/youngwrexham.co.uk\/cy\/wp-content\/uploads\/sites\/3\/2023\/11\/Untitled-design-18-1-150x150.png 150w\" sizes=\"auto, (max-width: 540px) 100vw, 540px\" \/><\/figure>\n<\/div><\/div>\n<\/div>\n\n\n\n<ul class=\"wp-block-social-links aligncenter is-content-justification-center is-layout-flex wp-container-core-social-links-is-layout-16018d1d wp-block-social-links-is-layout-flex\"><li class=\"wp-social-link wp-social-link-mail  wp-block-social-link\"><a href=\"mailto:yo&#117;&#110;&#103;&#118;&#111;&#105;&#099;&#101;&#115;&#064;&#119;r&#101;xha&#109;&#046;gov.&#117;k\" class=\"wp-block-social-link-anchor\"><svg width=\"24\" height=\"24\" viewBox=\"0 0 24 24\" version=\"1.1\" xmlns=\"http:\/\/www.w3.org\/2000\/svg\" aria-hidden=\"true\" focusable=\"false\"><path d=\"M19,5H5c-1.1,0-2,.9-2,2v10c0,1.1.9,2,2,2h14c1.1,0,2-.9,2-2V7c0-1.1-.9-2-2-2zm.5,12c0,.3-.2.5-.5.5H5c-.3,0-.5-.2-.5-.5V9.8l7.5,5.6,7.5-5.6V17zm0-9.1L12,13.6,4.5,7.9V7c0-.3.2-.5.5-.5h14c.3,0,.5.2.5.5v.9z\"><\/path><\/svg><span class=\"wp-block-social-link-label screen-reader-text\">Mail<\/span><\/a><\/li>\n\n<li class=\"wp-social-link wp-social-link-facebook  wp-block-social-link\"><a href=\"https:\/\/www.facebook.com\/seneddyrifanc\" class=\"wp-block-social-link-anchor\"><svg width=\"24\" height=\"24\" viewBox=\"0 0 24 24\" version=\"1.1\" xmlns=\"http:\/\/www.w3.org\/2000\/svg\" aria-hidden=\"true\" focusable=\"false\"><path d=\"M12 2C6.5 2 2 6.5 2 12c0 5 3.7 9.1 8.4 9.9v-7H7.9V12h2.5V9.8c0-2.5 1.5-3.9 3.8-3.9 1.1 0 2.2.2 2.2.2v2.5h-1.3c-1.2 0-1.6.8-1.6 1.6V12h2.8l-.4 2.9h-2.3v7C18.3 21.1 22 17 22 12c0-5.5-4.5-10-10-10z\"><\/path><\/svg><span class=\"wp-block-social-link-label screen-reader-text\">Facebook<\/span><\/a><\/li>\n\n<li class=\"wp-social-link wp-social-link-instagram  wp-block-social-link\"><a href=\"https:\/\/www.instagram.com\/seneddyrifanc.cy\/\" class=\"wp-block-social-link-anchor\"><svg width=\"24\" height=\"24\" viewBox=\"0 0 24 24\" version=\"1.1\" xmlns=\"http:\/\/www.w3.org\/2000\/svg\" aria-hidden=\"true\" focusable=\"false\"><path d=\"M12,4.622c2.403,0,2.688,0.009,3.637,0.052c0.877,0.04,1.354,0.187,1.671,0.31c0.42,0.163,0.72,0.358,1.035,0.673 c0.315,0.315,0.51,0.615,0.673,1.035c0.123,0.317,0.27,0.794,0.31,1.671c0.043,0.949,0.052,1.234,0.052,3.637 s-0.009,2.688-0.052,3.637c-0.04,0.877-0.187,1.354-0.31,1.671c-0.163,0.42-0.358,0.72-0.673,1.035 c-0.315,0.315-0.615,0.51-1.035,0.673c-0.317,0.123-0.794,0.27-1.671,0.31c-0.949,0.043-1.233,0.052-3.637,0.052 s-2.688-0.009-3.637-0.052c-0.877-0.04-1.354-0.187-1.671-0.31c-0.42-0.163-0.72-0.358-1.035-0.673 c-0.315-0.315-0.51-0.615-0.673-1.035c-0.123-0.317-0.27-0.794-0.31-1.671C4.631,14.688,4.622,14.403,4.622,12 s0.009-2.688,0.052-3.637c0.04-0.877,0.187-1.354,0.31-1.671c0.163-0.42,0.358-0.72,0.673-1.035 c0.315-0.315,0.615-0.51,1.035-0.673c0.317-0.123,0.794-0.27,1.671-0.31C9.312,4.631,9.597,4.622,12,4.622 M12,3 C9.556,3,9.249,3.01,8.289,3.054C7.331,3.098,6.677,3.25,6.105,3.472C5.513,3.702,5.011,4.01,4.511,4.511 c-0.5,0.5-0.808,1.002-1.038,1.594C3.25,6.677,3.098,7.331,3.054,8.289C3.01,9.249,3,9.556,3,12c0,2.444,0.01,2.751,0.054,3.711 c0.044,0.958,0.196,1.612,0.418,2.185c0.23,0.592,0.538,1.094,1.038,1.594c0.5,0.5,1.002,0.808,1.594,1.038 c0.572,0.222,1.227,0.375,2.185,0.418C9.249,20.99,9.556,21,12,21s2.751-0.01,3.711-0.054c0.958-0.044,1.612-0.196,2.185-0.418 c0.592-0.23,1.094-0.538,1.594-1.038c0.5-0.5,0.808-1.002,1.038-1.594c0.222-0.572,0.375-1.227,0.418-2.185 C20.99,14.751,21,14.444,21,12s-0.01-2.751-0.054-3.711c-0.044-0.958-0.196-1.612-0.418-2.185c-0.23-0.592-0.538-1.094-1.038-1.594 c-0.5-0.5-1.002-0.808-1.594-1.038c-0.572-0.222-1.227-0.375-2.185-0.418C14.751,3.01,14.444,3,12,3L12,3z M12,7.378 c-2.552,0-4.622,2.069-4.622,4.622S9.448,16.622,12,16.622s4.622-2.069,4.622-4.622S14.552,7.378,12,7.378z M12,15 c-1.657,0-3-1.343-3-3s1.343-3,3-3s3,1.343,3,3S13.657,15,12,15z M16.804,6.116c-0.596,0-1.08,0.484-1.08,1.08 s0.484,1.08,1.08,1.08c0.596,0,1.08-0.484,1.08-1.08S17.401,6.116,16.804,6.116z\"><\/path><\/svg><span class=\"wp-block-social-link-label screen-reader-text\">Instagram<\/span><\/a><\/li>\n\n<li class=\"wp-social-link wp-social-link-twitter  wp-block-social-link\"><a href=\"https:\/\/twitter.com\/i\/flow\/login?redirect_after_login=%2Fseneddyrifanccy\" class=\"wp-block-social-link-anchor\"><svg width=\"24\" height=\"24\" viewBox=\"0 0 24 24\" version=\"1.1\" xmlns=\"http:\/\/www.w3.org\/2000\/svg\" aria-hidden=\"true\" focusable=\"false\"><path d=\"M22.23,5.924c-0.736,0.326-1.527,0.547-2.357,0.646c0.847-0.508,1.498-1.312,1.804-2.27 c-0.793,0.47-1.671,0.812-2.606,0.996C18.324,4.498,17.257,4,16.077,4c-2.266,0-4.103,1.837-4.103,4.103 c0,0.322,0.036,0.635,0.106,0.935C8.67,8.867,5.647,7.234,3.623,4.751C3.27,5.357,3.067,6.062,3.067,6.814 c0,1.424,0.724,2.679,1.825,3.415c-0.673-0.021-1.305-0.206-1.859-0.513c0,0.017,0,0.034,0,0.052c0,1.988,1.414,3.647,3.292,4.023 c-0.344,0.094-0.707,0.144-1.081,0.144c-0.264,0-0.521-0.026-0.772-0.074c0.522,1.63,2.038,2.816,3.833,2.85 c-1.404,1.1-3.174,1.756-5.096,1.756c-0.331,0-0.658-0.019-0.979-0.057c1.816,1.164,3.973,1.843,6.29,1.843 c7.547,0,11.675-6.252,11.675-11.675c0-0.178-0.004-0.355-0.012-0.531C20.985,7.47,21.68,6.747,22.23,5.924z\"><\/path><\/svg><span class=\"wp-block-social-link-label screen-reader-text\">Twitter<\/span><\/a><\/li><\/ul>\n\n\n\n<hr class=\"wp-block-separator has-text-color has-vivid-red-color has-alpha-channel-opacity has-vivid-red-background-color has-background\"\/>\n\n\n<div class=\"wp-block-image\">\n<figure class=\"aligncenter size-large is-resized\"><img loading=\"lazy\" decoding=\"async\" width=\"1024\" height=\"380\" src=\"https:\/\/youngwrexham.co.uk\/cy\/wp-content\/uploads\/sites\/3\/2023\/11\/Senedd-yr-Ifanc-logo-1024x380.jpg\" alt=\"\" class=\"wp-image-8411\" style=\"aspect-ratio:2.694736842105263;width:418px;height:auto\" srcset=\"https:\/\/youngwrexham.co.uk\/cy\/wp-content\/uploads\/sites\/3\/2023\/11\/Senedd-yr-Ifanc-logo-1024x380.jpg 1024w, https:\/\/youngwrexham.co.uk\/cy\/wp-content\/uploads\/sites\/3\/2023\/11\/Senedd-yr-Ifanc-logo-300x111.jpg 300w, https:\/\/youngwrexham.co.uk\/cy\/wp-content\/uploads\/sites\/3\/2023\/11\/Senedd-yr-Ifanc-logo-768x285.jpg 768w, https:\/\/youngwrexham.co.uk\/cy\/wp-content\/uploads\/sites\/3\/2023\/11\/Senedd-yr-Ifanc-logo-1536x571.jpg 1536w, https:\/\/youngwrexham.co.uk\/cy\/wp-content\/uploads\/sites\/3\/2023\/11\/Senedd-yr-Ifanc-logo-2048x761.jpg 2048w\" sizes=\"auto, (max-width: 1024px) 100vw, 1024px\" \/><\/figure>\n<\/div>\n\n\n<div style=\"height:25px\" aria-hidden=\"true\" class=\"wp-block-spacer\"><\/div>\n\n\n\n<p class=\"has-text-align-center\">Os hoffech fwy o wybodaeth am y pwnc hwn os gennych unrhyw gwestiynau, cysylltwch \u00e2&#8217;r T\u00eem Cyfranogiad dros y ff\u00f4n (01978 398374), e-bost, neu\u2019r cyfryngau cymdeithasol.<\/p>\n\n\n\n<ul class=\"wp-block-social-links aligncenter is-content-justification-center is-layout-flex wp-container-core-social-links-is-layout-16018d1d wp-block-social-links-is-layout-flex\"><li class=\"wp-social-link wp-social-link-mail  wp-block-social-link\"><a href=\"mailto:&#121;ou&#110;g&#118;&#111;i&#099;&#101;s&#064;&#119;r&#101;xh&#097;&#109;&#046;&#103;&#111;&#118;&#046;&#117;&#107;\" class=\"wp-block-social-link-anchor\"><svg width=\"24\" height=\"24\" viewBox=\"0 0 24 24\" version=\"1.1\" xmlns=\"http:\/\/www.w3.org\/2000\/svg\" aria-hidden=\"true\" focusable=\"false\"><path d=\"M19,5H5c-1.1,0-2,.9-2,2v10c0,1.1.9,2,2,2h14c1.1,0,2-.9,2-2V7c0-1.1-.9-2-2-2zm.5,12c0,.3-.2.5-.5.5H5c-.3,0-.5-.2-.5-.5V9.8l7.5,5.6,7.5-5.6V17zm0-9.1L12,13.6,4.5,7.9V7c0-.3.2-.5.5-.5h14c.3,0,.5.2.5.5v.9z\"><\/path><\/svg><span class=\"wp-block-social-link-label screen-reader-text\">Mail<\/span><\/a><\/li>\n\n<li class=\"wp-social-link wp-social-link-facebook  wp-block-social-link\"><a href=\"https:\/\/www.facebook.com\/seneddyrifanc\" class=\"wp-block-social-link-anchor\"><svg width=\"24\" height=\"24\" viewBox=\"0 0 24 24\" version=\"1.1\" xmlns=\"http:\/\/www.w3.org\/2000\/svg\" aria-hidden=\"true\" focusable=\"false\"><path d=\"M12 2C6.5 2 2 6.5 2 12c0 5 3.7 9.1 8.4 9.9v-7H7.9V12h2.5V9.8c0-2.5 1.5-3.9 3.8-3.9 1.1 0 2.2.2 2.2.2v2.5h-1.3c-1.2 0-1.6.8-1.6 1.6V12h2.8l-.4 2.9h-2.3v7C18.3 21.1 22 17 22 12c0-5.5-4.5-10-10-10z\"><\/path><\/svg><span class=\"wp-block-social-link-label screen-reader-text\">Facebook<\/span><\/a><\/li>\n\n<li class=\"wp-social-link wp-social-link-instagram  wp-block-social-link\"><a href=\"https:\/\/www.instagram.com\/seneddyrifanc.cy\/\" class=\"wp-block-social-link-anchor\"><svg width=\"24\" height=\"24\" viewBox=\"0 0 24 24\" version=\"1.1\" xmlns=\"http:\/\/www.w3.org\/2000\/svg\" aria-hidden=\"true\" focusable=\"false\"><path d=\"M12,4.622c2.403,0,2.688,0.009,3.637,0.052c0.877,0.04,1.354,0.187,1.671,0.31c0.42,0.163,0.72,0.358,1.035,0.673 c0.315,0.315,0.51,0.615,0.673,1.035c0.123,0.317,0.27,0.794,0.31,1.671c0.043,0.949,0.052,1.234,0.052,3.637 s-0.009,2.688-0.052,3.637c-0.04,0.877-0.187,1.354-0.31,1.671c-0.163,0.42-0.358,0.72-0.673,1.035 c-0.315,0.315-0.615,0.51-1.035,0.673c-0.317,0.123-0.794,0.27-1.671,0.31c-0.949,0.043-1.233,0.052-3.637,0.052 s-2.688-0.009-3.637-0.052c-0.877-0.04-1.354-0.187-1.671-0.31c-0.42-0.163-0.72-0.358-1.035-0.673 c-0.315-0.315-0.51-0.615-0.673-1.035c-0.123-0.317-0.27-0.794-0.31-1.671C4.631,14.688,4.622,14.403,4.622,12 s0.009-2.688,0.052-3.637c0.04-0.877,0.187-1.354,0.31-1.671c0.163-0.42,0.358-0.72,0.673-1.035 c0.315-0.315,0.615-0.51,1.035-0.673c0.317-0.123,0.794-0.27,1.671-0.31C9.312,4.631,9.597,4.622,12,4.622 M12,3 C9.556,3,9.249,3.01,8.289,3.054C7.331,3.098,6.677,3.25,6.105,3.472C5.513,3.702,5.011,4.01,4.511,4.511 c-0.5,0.5-0.808,1.002-1.038,1.594C3.25,6.677,3.098,7.331,3.054,8.289C3.01,9.249,3,9.556,3,12c0,2.444,0.01,2.751,0.054,3.711 c0.044,0.958,0.196,1.612,0.418,2.185c0.23,0.592,0.538,1.094,1.038,1.594c0.5,0.5,1.002,0.808,1.594,1.038 c0.572,0.222,1.227,0.375,2.185,0.418C9.249,20.99,9.556,21,12,21s2.751-0.01,3.711-0.054c0.958-0.044,1.612-0.196,2.185-0.418 c0.592-0.23,1.094-0.538,1.594-1.038c0.5-0.5,0.808-1.002,1.038-1.594c0.222-0.572,0.375-1.227,0.418-2.185 C20.99,14.751,21,14.444,21,12s-0.01-2.751-0.054-3.711c-0.044-0.958-0.196-1.612-0.418-2.185c-0.23-0.592-0.538-1.094-1.038-1.594 c-0.5-0.5-1.002-0.808-1.594-1.038c-0.572-0.222-1.227-0.375-2.185-0.418C14.751,3.01,14.444,3,12,3L12,3z M12,7.378 c-2.552,0-4.622,2.069-4.622,4.622S9.448,16.622,12,16.622s4.622-2.069,4.622-4.622S14.552,7.378,12,7.378z M12,15 c-1.657,0-3-1.343-3-3s1.343-3,3-3s3,1.343,3,3S13.657,15,12,15z M16.804,6.116c-0.596,0-1.08,0.484-1.08,1.08 s0.484,1.08,1.08,1.08c0.596,0,1.08-0.484,1.08-1.08S17.401,6.116,16.804,6.116z\"><\/path><\/svg><span class=\"wp-block-social-link-label screen-reader-text\">Instagram<\/span><\/a><\/li>\n\n<li class=\"wp-social-link wp-social-link-twitter  wp-block-social-link\"><a href=\"https:\/\/twitter.com\/i\/flow\/login?redirect_after_login=%2Fseneddyrifanccy\" class=\"wp-block-social-link-anchor\"><svg width=\"24\" height=\"24\" viewBox=\"0 0 24 24\" version=\"1.1\" xmlns=\"http:\/\/www.w3.org\/2000\/svg\" aria-hidden=\"true\" focusable=\"false\"><path d=\"M22.23,5.924c-0.736,0.326-1.527,0.547-2.357,0.646c0.847-0.508,1.498-1.312,1.804-2.27 c-0.793,0.47-1.671,0.812-2.606,0.996C18.324,4.498,17.257,4,16.077,4c-2.266,0-4.103,1.837-4.103,4.103 c0,0.322,0.036,0.635,0.106,0.935C8.67,8.867,5.647,7.234,3.623,4.751C3.27,5.357,3.067,6.062,3.067,6.814 c0,1.424,0.724,2.679,1.825,3.415c-0.673-0.021-1.305-0.206-1.859-0.513c0,0.017,0,0.034,0,0.052c0,1.988,1.414,3.647,3.292,4.023 c-0.344,0.094-0.707,0.144-1.081,0.144c-0.264,0-0.521-0.026-0.772-0.074c0.522,1.63,2.038,2.816,3.833,2.85 c-1.404,1.1-3.174,1.756-5.096,1.756c-0.331,0-0.658-0.019-0.979-0.057c1.816,1.164,3.973,1.843,6.29,1.843 c7.547,0,11.675-6.252,11.675-11.675c0-0.178-0.004-0.355-0.012-0.531C20.985,7.47,21.68,6.747,22.23,5.924z\"><\/path><\/svg><span class=\"wp-block-social-link-label screen-reader-text\">Twitter<\/span><\/a><\/li><\/ul>\n","protected":false},"excerpt":{"rendered":"<p>Mae Senedd yr Ifanc yn ymgynghori \u00e2 phobl ifanc eraill 11-25 oed yna\u2019n yn hyrwyddo newid cadarnhaol yn Wrecsam. BETH YW SENEDD YR IFANC? Senedd ieuenctid yw Senedd yr Ifanc,&#8230;<\/p>\n","protected":false},"author":6,"featured_media":8393,"parent":6458,"menu_order":1,"comment_status":"closed","ping_status":"closed","template":"page-info.php","meta":{"_acf_changed":false,"_monsterinsights_skip_tracking":false,"_monsterinsights_sitenote_active":false,"_monsterinsights_sitenote_note":"","_monsterinsights_sitenote_category":0,"footnotes":""},"class_list":["post-6527","page","type-page","status-publish","has-post-thumbnail","hentry"],"acf":[],"_links":{"self":[{"href":"https:\/\/youngwrexham.co.uk\/cy\/wp-json\/wp\/v2\/pages\/6527","targetHints":{"allow":["GET"]}}],"collection":[{"href":"https:\/\/youngwrexham.co.uk\/cy\/wp-json\/wp\/v2\/pages"}],"about":[{"href":"https:\/\/youngwrexham.co.uk\/cy\/wp-json\/wp\/v2\/types\/page"}],"author":[{"embeddable":true,"href":"https:\/\/youngwrexham.co.uk\/cy\/wp-json\/wp\/v2\/users\/6"}],"replies":[{"embeddable":true,"href":"https:\/\/youngwrexham.co.uk\/cy\/wp-json\/wp\/v2\/comments?post=6527"}],"version-history":[{"count":34,"href":"https:\/\/youngwrexham.co.uk\/cy\/wp-json\/wp\/v2\/pages\/6527\/revisions"}],"predecessor-version":[{"id":9080,"href":"https:\/\/youngwrexham.co.uk\/cy\/wp-json\/wp\/v2\/pages\/6527\/revisions\/9080"}],"up":[{"embeddable":true,"href":"https:\/\/youngwrexham.co.uk\/cy\/wp-json\/wp\/v2\/pages\/6458"}],"wp:featuredmedia":[{"embeddable":true,"href":"https:\/\/youngwrexham.co.uk\/cy\/wp-json\/wp\/v2\/media\/8393"}],"wp:attachment":[{"href":"https:\/\/youngwrexham.co.uk\/cy\/wp-json\/wp\/v2\/media?parent=6527"}],"curies":[{"name":"wp","href":"https:\/\/api.w.org\/{rel}","templated":true}]}}